{"id":1491,"date":"2023-01-11T00:58:38","date_gmt":"2023-01-10T21:58:38","guid":{"rendered":"https:\/\/exzone.com.tr\/?post_type=product&#038;p=1491"},"modified":"2024-05-02T03:41:13","modified_gmt":"2024-05-02T00:41:13","slug":"petzl-strato-vent-hi-viz-kask","status":"publish","type":"product","link":"https:\/\/exzone.com.tr\/index.php\/urun\/petzl-strato-vent-hi-viz-kask\/","title":{"rendered":"PETZL STRATO VENT HI-VIZ Kask"},"content":{"rendered":"<p>Hafif, havaland\u0131rmal\u0131 ve y\u00fcksek g\u00f6r\u00fcn\u00fcrl\u00fckl\u00fc kask<\/p>\n<p>STRATO VENT kask, kask\u0131n kafaya g\u00fcvenli bir \u015fekilde oturmas\u0131n\u0131 sa\u011flayan CENTERFIT ve FLIP&amp;FIT sistemleri sayesinde \u00fcst\u00fcn konfor sa\u011flar ve hafiftir. Ayarlanabilir dayan\u0131kl\u0131 \u00e7ene perlonu hem y\u00fcksekte hem de yerde \u00e7al\u0131\u015fmak i\u00e7in idealdir. Kask i\u00e7inde hava ak\u0131m\u0131n\u0131 sa\u011flayan havaland\u0131rma delikleri vard\u0131r. Petzl kafa feneri, kulak korumas\u0131 ve \u00e7ok say\u0131da aksesuar ile uyumlu oldu\u011fu i\u00e7in tamamen mod\u00fcler bir kaskt\u0131r, bu y\u00fczden profesyonellerin ek gereksinimlerine cevap vermektedir. Y\u00fcksek g\u00f6r\u00fcn\u00fcrl\u00fckl\u00fc versiyonu i\u015f\u00e7inin g\u00fcnd\u00fcz veya gece en iyi \u015fekilde g\u00f6r\u00fclebilmesi i\u00e7in fosforlu klipsli ve yans\u0131t\u0131c\u0131 bantlara sahip floresan d\u0131\u015f kabu\u011fa sahiptir.<\/p>\n<p><iframe loading=\"lazy\" src=\"https:\/\/www.youtube.com\/embed\/NfFm-N3NeJk\" width=\"560\" height=\"315\" frameborder=\"0\" allowfullscreen=\"allowfullscreen\" data-mce-fragment=\"1\"><\/iframe><\/p>\n<p><b>Hafif ve konforlu tasar\u0131m:<\/b><\/p>\n<ul>\n<li>&#8211; Daha d\u00fc\u015f\u00fck a\u011f\u0131rl\u0131k i\u00e7in EPP (geni\u015fletilmi\u015f polipropilen) ve EPS (geni\u015fletilmi\u015f polistiren) astar<\/li>\n<li>&#8211; CENTERFIT \u00f6zelli\u011fi iki yan ayarlama tekerle\u011fi ile kask\u0131n kafada ortalanmas\u0131n\u0131 sa\u011flar<\/li>\n<li>&#8211; FLIP&amp;FIT sistemi, kafa band\u0131n\u0131n d\u00fc\u015f\u00fck bir pozisyonda konumland\u0131r\u0131lmas\u0131n\u0131 ve kask\u0131n ba\u015fa s\u0131k\u0131ca oturmas\u0131n\u0131 sa\u011flar. Sistem kolay ta\u015f\u0131ma ve saklama i\u00e7in kask\u0131n i\u00e7ine do\u011fru katlanabilir<\/li>\n<li>&#8211; De\u011fi\u015ftirilebilir emici konfor dolgusu ile gelir<\/li>\n<\/ul>\n<p><b>Y\u00fcksekte ve yerde \u00e7al\u0131\u015fma i\u00e7in tasarlanm\u0131\u015f koruma:<\/b><\/p>\n<ul>\n<li>&#8211; DUAL \u00e7ene perlonu, kask\u0131 farkl\u0131 ko\u015fullara uyarlamas\u0131 i\u00e7in \u00e7al\u0131\u015fan\u0131n \u00e7ene perlonunu ayarlamas\u0131n\u0131 sa\u011flar: y\u00fcksekte (EN 12492) veya yerde (EN 397) \u00e7al\u0131\u015fma. Klipsin, bu iki kullan\u0131ma kar\u015f\u0131l\u0131k gelen iki konumu vard\u0131r: y\u00fcksek g\u00fc\u00e7, d\u00fc\u015fme s\u0131ras\u0131nda kask\u0131n \u00e7\u0131kma riskini azalt\u0131r ve d\u00fc\u015f\u00fck g\u00fc\u00e7, kask kullan\u0131c\u0131 yerdeyken bir yere tak\u0131l\u0131rsa bo\u011fulma riskini azalt\u0131r.<\/li>\n<li>&#8211; \u015eok emilimi d\u0131\u015f kabu\u011fun deformasyonu ile sa\u011flan\u0131r<\/li>\n<li>&#8211; Havaland\u0131rma delikleri kask i\u00e7inde ihtiya\u00e7 duyulan hava ak\u0131\u015f\u0131na izin verir<\/li>\n<li>&#8211; \u0130\u015f\u00e7inin g\u00fcnd\u00fcz veya gece en iyi \u015fekilde g\u00f6r\u00fclebilmesi i\u00e7in fosforlu klipsli ve yans\u0131t\u0131c\u0131 bantlara sahip floresan d\u0131\u015f kabu\u011fa sahiptir<\/li>\n<\/ul>\n<p><b>Mod\u00fcler aksesuarlar:<\/b><\/p>\n<ul>\n<li>&#8211; Kolay montaj i\u00e7in EASYCLIP yandan ba\u011flant\u0131 sistemli g\u00f6z korumas\u0131<\/li>\n<li>&#8211; Montaj plakal\u0131 veya elastik bantl\u0131 Petzl kafa fenerleri<\/li>\n<li>&#8211; Kask koruyucu, d\u0131\u015f kabu\u011fun kirlenmesini ve boya s\u0131\u00e7ramas\u0131n\u0131 \u00f6nler<\/li>\n<li>&#8211; Ense koruyucusu boyun ve ense i\u00e7in etkili g\u00fcne\u015f ve ya\u011fmur korumas\u0131 sa\u011flar<\/li>\n<li>&#8211; \u0130sim etiketi, kullan\u0131c\u0131n\u0131n daha rahat tan\u0131nmas\u0131n\u0131 sa\u011flar<\/li>\n<li>&#8211; De\u011fi\u015ftirilebilir \u00e7ene perlonu ve k\u00f6p\u00fck<\/li>\n<li>&#8211; Kulak korumas\u0131<\/li>\n<li>&#8211; \u0130ki y\u00fcksek g\u00f6r\u00fcn\u00fcrl\u00fckl\u00fc modeli vard\u0131r: sar\u0131 ve turuncu<\/li>\n<\/ul>\n<p><b>\u00d6zellikler:<\/b><\/p>\n<ul>\n<li><b>Kafa \u00e7evresi:\u00a0<\/b>53 \u2013 63 cm<\/li>\n<li><b>A\u011f\u0131rl\u0131k:\u00a0<\/b>425 g<\/li>\n<li><b>Materyal:\u00a0<\/b>ABS (akrilonitril b\u00fctadien stiren),EPP (geni\u015fletilmi\u015f polipropilen), EPS (genle\u015fmi\u015f polistiren), naylon, polikarbonat, y\u00fcksek mukavemetli polyester, \u00a0polietilen<\/li>\n<li><b>Sertifikalar:\u00a0<\/b>CE, EN 12492, ANSI Z89.1 Type I Class C<\/li>\n<\/ul>\n<div id=\"attachment_1006\" class=\"wp-caption alignnone\"><\/div>\n<table class=\"table table-striped\">\n<tbody>\n<tr>\n<td><strong>Referanslar<\/strong><\/td>\n<td><strong>A020DA00<\/strong><\/td>\n<td><strong>A020DA01<\/strong><\/td>\n<\/tr>\n<tr>\n<td><strong>Renkler<\/strong><\/td>\n<td>sar\u0131<\/td>\n<td>turuncu<\/td>\n<\/tr>\n<tr>\n<td><strong>Garanti<\/strong><\/td>\n<td>3 y\u0131l<\/td>\n<td>3 y\u0131l<\/td>\n<\/tr>\n<tr>\n<td><strong>Paket<\/strong><\/td>\n<td>1<\/td>\n<td>1<\/td>\n<\/tr>\n<\/tbody>\n<\/table>\n","protected":false},"excerpt":{"rendered":"<p>Hafif, havaland\u0131rmal\u0131 ve y\u00fcksek g\u00f6r\u00fcn\u00fcrl\u00fckl\u00fc kask STRATO VENT kask, kask\u0131n kafaya g\u00fcvenli bir \u015fekilde oturmas\u0131n\u0131 sa\u011flayan CENTERFIT ve FLIP&amp;FIT sistemleri sayesinde \u00fcst\u00fcn konfor sa\u011flar ve hafiftir. Ayarlanabilir dayan\u0131kl\u0131 \u00e7ene perlonu hem y\u00fcksekte hem de yerde \u00e7al\u0131\u015fmak i\u00e7in idealdir. Kask i\u00e7inde hava ak\u0131m\u0131n\u0131 sa\u011flayan havaland\u0131rma delikleri vard\u0131r. Petzl kafa feneri, kulak korumas\u0131 ve \u00e7ok say\u0131da aksesuar [&hellip;]<\/p>\n","protected":false},"featured_media":1492,"comment_status":"open","ping_status":"closed","template":"","meta":[],"product_brand":[],"product_cat":[243,271],"product_tag":[],"class_list":{"0":"post-1491","1":"product","2":"type-product","3":"status-publish","4":"has-post-thumbnail","6":"product_cat-exproof-is-guvenligi-ekipmanlari","7":"product_cat-kask-ve-baretler","9":"first","10":"instock","11":"shipping-taxable","12":"product-type-simple"},"acf":[],"_links":{"self":[{"href":"https:\/\/exzone.com.tr\/index.php\/wp-json\/wp\/v2\/product\/1491","targetHints":{"allow":["GET"]}}],"collection":[{"href":"https:\/\/exzone.com.tr\/index.php\/wp-json\/wp\/v2\/product"}],"about":[{"href":"https:\/\/exzone.com.tr\/index.php\/wp-json\/wp\/v2\/types\/product"}],"replies":[{"embeddable":true,"href":"https:\/\/exzone.com.tr\/index.php\/wp-json\/wp\/v2\/comments?post=1491"}],"wp:featuredmedia":[{"embeddable":true,"href":"https:\/\/exzone.com.tr\/index.php\/wp-json\/wp\/v2\/media\/1492"}],"wp:attachment":[{"href":"https:\/\/exzone.com.tr\/index.php\/wp-json\/wp\/v2\/media?parent=1491"}],"wp:term":[{"taxonomy":"product_brand","embeddable":true,"href":"https:\/\/exzone.com.tr\/index.php\/wp-json\/wp\/v2\/product_brand?post=1491"},{"taxonomy":"product_cat","embeddable":true,"href":"https:\/\/exzone.com.tr\/index.php\/wp-json\/wp\/v2\/product_cat?post=1491"},{"taxonomy":"product_tag","embeddable":true,"href":"https:\/\/exzone.com.tr\/index.php\/wp-json\/wp\/v2\/product_tag?post=1491"}],"curies":[{"name":"wp","href":"https:\/\/api.w.org\/{rel}","templated":true}]}}